{"id":57,"date":"2016-05-03T09:31:09","date_gmt":"2016-05-03T07:31:09","guid":{"rendered":"http:\/\/nietzschesource.local\/fr\/?page_id=57"},"modified":"2023-12-01T11:39:01","modified_gmt":"2023-12-01T10:39:01","slug":"institutions","status":"publish","type":"page","link":"http:\/\/doc.renansource.org\/fr\/institutions\/","title":{"rendered":"Institutions et financements"},"content":{"rendered":"<p style=\"text-align: left;\"><strong>Renan Source a b\u00e9n\u00e9fici\u00e9 du soutien des institutions suivantes :<\/strong><\/p>\n<table style=\"width: 840px; border-color: #ffffff; background-color: #ffffff;\">\n<tbody>\n<tr style=\"height: 124.05px;\">\n<td style=\"width: 169.85px; border-color: #ffffff; height: 124.05px; text-align: left; vertical-align: middle;\"><img loading=\"lazy\" decoding=\"async\" class=\"aligncenter\" title=\"\" src=\"http:\/\/doc.renansource.org\/wp-content\/uploads\/2016\/05\/1166px-Ville_de_Paris_logo_2019.svg_.png\" alt=\"\" width=\"86\" height=\"75\" \/><\/td>\n<td style=\"width: 639.75px; border-color: #ffffff; vertical-align: middle; height: 124.05px; text-align: justify;\">Le projet <em>\u00ab Renan Source \u00bb. Une \u00e9dition num\u00e9rique des manuscrits d\u2019Ernest Renan<\/em>, port\u00e9 par Domenico Paone et l&#8217;Item, a \u00e9t\u00e9 laur\u00e9at 2014 du programme de soutien \u00e0 la recherche <a href=\"https:\/\/www.paris.fr\/pages\/appel-a-projets-emergence-s-pour-soutenir-la-recherche-6260\/\" target=\"_blank\" rel=\"noopener noreferrer\">\u00c9mergence(s)<\/a> de la Ville de Paris. Ce programme a financ\u00e9 et soutenu <strong>Renan Source<\/strong> de 2015 \u00e0 2019.<\/td>\n<\/tr>\n<tr style=\"height: 124px;\">\n<td style=\"width: 169.85px; border-color: #ffffff; vertical-align: middle; height: 124px; text-align: left;\"><img loading=\"lazy\" decoding=\"async\" class=\"wp-image-341 aligncenter\" src=\"http:\/\/doc.renansource.org\/wp-content\/uploads\/2016\/05\/logo_cnrs-640x717.jpg\" width=\"71\" height=\"80\" \/><\/td>\n<td style=\"width: 169.85px; border-color: #ffffff; height: 124px; text-align: justify; vertical-align: top;\">Le <a href=\"http:\/\/www.cnrs.fr\/\" target=\"_blank\" rel=\"noopener noreferrer\">Centre National de la Recherche Scientifique<\/a> a cofinanc\u00e9 <strong>Renan Source<\/strong>, en mettant \u00e0 disposition personnel, locaux et \u00e9quipements de 2015 \u00e0 2019 \u00e0 l\u2019<a href=\"http:\/\/www.item.ens.fr\/\" target=\"_blank\" rel=\"noopener noreferrer\">Institut des Textes et Manuscrits Modernes<\/a> (CNRS-ENS, Paris).<\/td>\n<\/tr>\n<tr style=\"height: 112px;\">\n<td style=\"width: 169.85px; border-color: #ffffff; height: 112px; vertical-align: bottom;\">\n<p style=\"text-align: justify;\"><img loading=\"lazy\" decoding=\"async\" class=\"aligncenter\" title=\"\" src=\"http:\/\/doc.renansource.org\/wp-content\/uploads\/2020\/05\/231px-Logo_BnF.svg_.png\" alt=\"\" width=\"99\" height=\"66\" \/><\/p>\n<\/td>\n<td style=\"width: 169.85px; border-color: #ffffff; height: 112px; text-align: justify; vertical-align: top;\">La <a href=\"https:\/\/www.bnf.fr\/fr\" target=\"_blank\" rel=\"noopener noreferrer\">Biblioth\u00e8que nationale de France<\/a> a sign\u00e9 une convention avec l&#8217;Item pour la num\u00e9risation et la diffusion sur internet de l\u2019ensemble des manuscrits du fonds Renan. Le partenariat entre la BnF et <strong>Renan Source<\/strong> vise ainsi \u00e0 soutenir la recherche et valoriser le patrimoine archivistique.<\/td>\n<\/tr>\n<tr style=\"height: 127px;\">\n<td style=\"width: 169.85px; border-color: #ffffff; height: 127px; vertical-align: bottom;\"><img loading=\"lazy\" decoding=\"async\" class=\"wp-image-337 aligncenter\" src=\"http:\/\/doc.renansource.org\/wp-content\/uploads\/2016\/05\/logo_mvr2.jpg\" width=\"70\" height=\"83\" \/><\/td>\n<td style=\"width: 169.85px; border-color: #ffffff; height: 127px; text-align: justify; vertical-align: top;\">Le <a href=\"http:\/\/museevieromantique.paris.fr\/fr\" target=\"_blank\" rel=\"noopener noreferrer\">Mus\u00e9e de la Vie Romantique<\/a> a sign\u00e9 une convention avec l&#8217;Item pour la num\u00e9risation et la diffusion sur internet d&#8217;une partie du <em>Fonds Scheffer-Renan<\/em> conserv\u00e9 au Mus\u00e9e.<\/td>\n<\/tr>\n<tr style=\"height: 127px;\">\n<td style=\"width: 169.85px; border-color: #ffffff; height: 127px; vertical-align: middle;\"><img loading=\"lazy\" decoding=\"async\" class=\"wp-image-632  alignleft\" src=\"http:\/\/doc.renansource.org\/wp-content\/uploads\/2023\/12\/cdf-3-300x132.png\" alt=\"\" width=\"136\" height=\"60\" srcset=\"http:\/\/doc.renansource.org\/wp-content\/uploads\/2023\/12\/cdf-3-300x132.png 300w, http:\/\/doc.renansource.org\/wp-content\/uploads\/2023\/12\/cdf-3.png 339w\" sizes=\"auto, (max-width: 136px) 85vw, 136px\" \/><\/td>\n<td style=\"width: 169.85px; border-color: #ffffff; height: 127px; text-align: justify; vertical-align: middle;\">Le <a href=\"https:\/\/www.college-de-france.fr\/fr\">Coll\u00e8ge de France<\/a> a sign\u00e9 une convention avec l&#8217;Item pour la num\u00e9risation et la diffusion sur internet du dossier personnel d\u2019Ernest Renan dans les archives du Coll\u00e8ge de France, o\u00f9 il a \u00e9t\u00e9 professeur (chaire de Langues h\u00e9bra\u00efque, chalda\u00efque et syriaque en 1862 et de 1870 \u00e0 1892, ann\u00e9e de sa mort), et aussi administrateur (de 1883 \u00e0 1892).<\/td>\n<\/tr>\n<tr style=\"height: 127px;\">\n<td style=\"width: 169.85px; border-color: #ffffff; vertical-align: middle; height: 127px;\"><\/td>\n<td style=\"width: 169.85px; border-color: #ffffff; height: 127px; text-align: justify; vertical-align: middle;\"><\/td>\n<\/tr>\n<\/tbody>\n<\/table>\n","protected":false},"excerpt":{"rendered":"<p>Renan Source a b\u00e9n\u00e9fici\u00e9 du soutien des institutions suivantes : Le projet \u00ab Renan Source \u00bb. Une \u00e9dition num\u00e9rique des manuscrits d\u2019Ernest Renan, port\u00e9 par Domenico Paone et l&#8217;Item, a \u00e9t\u00e9 laur\u00e9at 2014 du programme de soutien \u00e0 la recherche \u00c9mergence(s) de la Ville de Paris. Ce programme a financ\u00e9 et soutenu Renan Source de &hellip; <a href=\"http:\/\/doc.renansource.org\/fr\/institutions\/\" class=\"more-link\">Continue reading<span class=\"screen-reader-text\"> &#8220;Institutions et financements&#8221;<\/span><\/a><\/p>\n","protected":false},"author":1,"featured_media":0,"parent":0,"menu_order":0,"comment_status":"closed","ping_status":"closed","template":"","meta":{"footnotes":""},"class_list":["post-57","page","type-page","status-publish","hentry"],"_links":{"self":[{"href":"http:\/\/doc.renansource.org\/fr\/wp-json\/wp\/v2\/pages\/57","targetHints":{"allow":["GET"]}}],"collection":[{"href":"http:\/\/doc.renansource.org\/fr\/wp-json\/wp\/v2\/pages"}],"about":[{"href":"http:\/\/doc.renansource.org\/fr\/wp-json\/wp\/v2\/types\/page"}],"author":[{"embeddable":true,"href":"http:\/\/doc.renansource.org\/fr\/wp-json\/wp\/v2\/users\/1"}],"replies":[{"embeddable":true,"href":"http:\/\/doc.renansource.org\/fr\/wp-json\/wp\/v2\/comments?post=57"}],"version-history":[{"count":25,"href":"http:\/\/doc.renansource.org\/fr\/wp-json\/wp\/v2\/pages\/57\/revisions"}],"predecessor-version":[{"id":643,"href":"http:\/\/doc.renansource.org\/fr\/wp-json\/wp\/v2\/pages\/57\/revisions\/643"}],"wp:attachment":[{"href":"http:\/\/doc.renansource.org\/fr\/wp-json\/wp\/v2\/media?parent=57"}],"curies":[{"name":"wp","href":"https:\/\/api.w.org\/{rel}","templated":true}]}}